{"id":3933,"date":"2019-03-26T06:40:52","date_gmt":"2019-03-26T05:40:52","guid":{"rendered":"https:\/\/www.lengyelrobert.hu\/?page_id=3933"},"modified":"2019-03-26T06:40:52","modified_gmt":"2019-03-26T05:40:52","slug":"van-egy-orszag","status":"publish","type":"page","link":"https:\/\/www.lengyelrobert.hu\/index.php\/van-egy-orszag\/","title":{"rendered":"Van egy orsz\u00e1g"},"content":{"rendered":"\n<p>Van egy orsz\u00e1g, amelybe imm\u00e1r t\u00f6bb mint 50 esztendeje belesz\u00fclettem. A J\u00f3isten akarta, hogy \u00edgy legyen. <\/p>\n\n\n\n<p>Az orsz\u00e1got, amelyben gyerek voltam, egy K\u00e1d\u00e1r J\u00e1nos nev\u0171 ember vezette. Apr\u00f3 gyerekk\u00e9nt, majd m\u00e1r n\u00e9mi feln\u0151ttes tudattal \u00e9lve, a mindennapok belpolitik\u00e1j\u00e1b\u00f3l igen keveset \u00e9rz\u00e9keltem. Olyan kis inform\u00e1ci\u00f3-morzs\u00e1kat elkaptam, hogy apai nagysz\u00fcleim kul\u00e1klist\u00e1sok l\u00e9v\u00e9n \u00e1t\u00e9lt\u00e9k a padl\u00e1suk s\u00f6pr\u00e9s\u00e9t, meg, hogy a tsz elvitte a lovakat, teheneket. Meg azt\u00e1n nem \u00e9rtettem, hogy ap\u00e1m mi\u00e9rt hallgatja a folyton recseg\u0151 Szabad Eur\u00f3pa R\u00e1di\u00f3t \u00e9s mi\u00e9rt mondja, hogy err\u0151l ne nagyon besz\u00e9ljek m\u00e1soknak. De az nem vitathat\u00f3, hogy mivel napi szinten nem politiz\u00e1ltunk, tudom\u00e1sul vett\u00fck, ami volt, nyugalmas \u00e9letet \u00e9lt\u00fcnk. Nem n\u00e9lk\u00fcl\u00f6zt\u00fcnk, de ami m\u00e9g enn\u00e9l is fontosabb, nagyon sok emberi kapcsolat m\u0171k\u00f6d\u00f6tt anno: a szomsz\u00e9dok odafigyeltek egym\u00e1sra, a bar\u00e1ti csal\u00e1dok \u00f6sszej\u00e1rtak, a rokonok \u00f6sszetartottak, az emberek j\u00f3 r\u00e9sze seg\u00edtette egym\u00e1st. Mi gyerekek, nem a tv el\u0151tt fek\u00fcdt\u00fcnk eg\u00e9sz nap (sz\u00e1m\u00edt\u00f3g\u00e9pnek akkor m\u00e9g a h\u00edr\u00e9t sem hallottuk). Ment a foci, a b\u00faj\u00f3cska, a peca, t\u00e9len a sz\u00e1nk\u00f3, meg persze alkalmank\u00e9nt dolog is volt otthon, vagy \u00e9pp ny\u00e1ri di\u00e1k munk\u00e1ban. \u00c9p\u00edt\u0151t\u00e1borok, f\u00e1kly\u00e1s felvonul\u00e1sok, honv\u00e9delmi napi akad\u00e1lyversenyek, azaz k\u00f6z\u00f6ss\u00e9gi \u00e9let az apr\u00f3k szintj\u00e9n. <\/p>\n\n\n\n<p>Azt\u00e1n K\u00e1d\u00e1r J\u00e1nos meghalt, j\u00f6tt az a bizonyos \u201erendszernemv\u00e1lt\u00e1s\u201d. J\u00f6ttek az ellopott \u00e1llami ezermilli\u00e1rdok, a r\u00e9szben a m\u00falt rendszer haszon\u00e9lvez\u0151ib\u0151l verbuv\u00e1l\u00f3dott \u00fajgazdagok, j\u00f6ttek a p\u00e1rtok nyakl\u00f3 n\u00e9lk\u00fcl. A volt kommunist\u00e1k, KISZ-es vez\u00e9rek, III\/3-asok sz\u00f3noklatai a rendszer megd\u00f6nt\u00e9s\u00e9r\u0151l az \u00e1llami \u00fcnneps\u00e9geken, meg a s\u00fcnd\u00f6rg\u00e9seik Nagy Imre s\u00edrja k\u00f6r\u00fcl, nem sorolom tov\u00e1bb. Fiatal emberk\u00e9nt csak kapkodtam a fejem. Most akkor mi van itt? Ki kivel is volt\/van, a kommunista el nem v\u00e9sz, csak \u00e1talakul? Sebaj, m\u00e1r j\u00f3 fel\u00e9 megy\u00fcnk, k\u00f6zeled\u00fcnk a nyugathoz, v\u00e9gre j\u00f6n a j\u00f3l\u00e9t. <\/p>\n\n\n\n<p>De azt\u00e1n valamennyien \u00e1t\u00e9lt\u00fck, hogy az emberi kapcsolatok fokozatosan le\u00e9p\u00fcltek, a gonosz, irigy, \u00e1sk\u00e1l\u00f3d\u00f3, ellens\u00e9gesked\u0151 t\u00e1bor egyre b\u0151v\u00fclt, a politikai l\u00e9gk\u00f6r meg csak egyre elviselhetetlenebb lett. V\u00e9gre csatlakoztunk az uni\u00f3hoz, ez \u00fajabb rem\u00e9nyt adott milli\u00f3knak. \u00c1m azon kaptuk magunkat, hogy az uni\u00f3s milli\u00e1rdokat ny\u00falj\u00e1k. El\u0151sz\u00f6r csak \u00f3vatosan, azt\u00e1n szemtelen\u00fcl, majd m\u00e1r g\u00e1tl\u00e1stalanul. A zsebekb\u0151l noki\u00e1s dobozok, azokb\u00f3l vaskos bor\u00edt\u00e9kok lettek, majd m\u00e1r b\u0151r\u00f6nd\u00f6kr\u0151l sz\u00f3ltak a legend\u00e1k. A piti tolvajok folyamatos \u00f6nk\u00e9pz\u00e9st folytattak \u00e9s m\u00e1ra g\u00e1tl\u00e1stalan, f\u00e9ktelen \u00e9tv\u00e1gy\u00fa rabl\u00f3hadd\u00e1 v\u00e1ltak. Ott tartunk, hogy p\u00e1r ezren tejben-vajban f\u00fcrdenek, milli\u00f3k \u00fagy-ahogy meg\u00e9lnek, tov\u00e1bbi milli\u00f3k meg n\u00e9lk\u00fcl\u00f6znek. Egyszerre van itt a v\u00e9gtelen gazdags\u00e1g \u00e9s a m\u00e9lyszeg\u00e9nys\u00e9g. A pazarl\u00e1s ott, az esztelen sp\u00f3rol\u00e1s meg itt. Ami pedig a mor\u00e1lt illeti? H\u00e1t, sz\u00e9gyen \u00e9s gyal\u00e1zat, amit a magyar politikai elit m\u00e1ra ezzel a jobb sorsra \u00e9rdemes nemzettel tett. Gy\u0171l\u00f6lk\u00f6d\u00e9s, pocskondi\u00e1z\u00e1s-\u00e1radat, sz\u00e9th\u00faz\u00e1s, egym\u00e1s lej\u00e1rat\u00e1sa fels\u0151fokon, az emberi gyarl\u00f3s\u00e1g, butas\u00e1g v\u00e9gletekig val\u00f3 kihaszn\u00e1l\u00e1sa. Az esetleg itt-ott felbukkan\u00f3, tisztess\u00e9gesen politiz\u00e1lni sz\u00e1nd\u00e9koz\u00f3 k\u00f6zszerepl\u0151k minden eszk\u00f6zzel val\u00f3 kigyoml\u00e1l\u00e1sa, volt kommunist\u00e1k \u00e1ltali kommunist\u00e1z\u00e1s, volt KISZ-vez\u00e9rek vez\u00e9rked\u00e9se. <\/p>\n\n\n\n<p>Annyira szeretn\u00e9m, ha ennek v\u00e9gre v\u00e9ge lenne! Annyira szeretn\u00e9m, ha Magyarorsz\u00e1gon az emberek a tehets\u00e9g\u00fck alapj\u00e1n \u00edt\u00e9ltetn\u00e9nek! Annyira szeretn\u00e9m, ha visszat\u00e9rne a nyugalom, a b\u00e9ke! Annyira szeretn\u00e9m azt l\u00e1tni, hogy ez a n\u00e9p is k\u00e9pes olyan \u00f6sszetart\u00f3 lenni, mint sok m\u00e1sik Eur\u00f3p\u00e1ban! Annyira szeretn\u00e9m l\u00e1tni, ahogy az ezen l\u00e9gk\u00f6r kialak\u00edt\u00e1s\u00e1\u00e9rt felel\u0151s\u00f6k p\u00e1rtsz\u00ednt\u0151l f\u00fcggetlen\u00fcl, l\u00f3g\u00f3 orrokkal csukn\u00e1k be maguk m\u00f6g\u00f6tt v\u00e9gleg a Parlament\u00fcnk kapuj\u00e1t! Annyira szeretn\u00e9m \u00fajra \u00e9s val\u00f3ban itthon \u00e9rezni magam a haz\u00e1mban! A magam szer\u00e9ny eszk\u00f6zeivel ezek\u00e9rt dolgozom. Nem m\u00e1sokat fizetett hirdet\u00e9sekkel, megvett m\u00e9diumokkal lej\u00e1ratva. Nem a k\u00f6z vagyon\u00e1nak g\u00e1tl\u00e1stalan leny\u00fal\u00e1s\u00e1val, m\u00e9g csak nem is m\u00e1sok eltapos\u00e1s\u00e1val. A saj\u00e1t elveim ment\u00e9n, m\u00e9g a politikai ellenfeleim emberi m\u00e9lt\u00f3s\u00e1g\u00e1t is tiszteletben tartva. Mert hiszek abban, m\u00e9g mindig hiszek abban, hogy ez a magyar j\u00f6v\u0151\u2026<br><\/p>\n","protected":false},"excerpt":{"rendered":"<p>Van egy orsz\u00e1g, amelybe imm\u00e1r t\u00f6bb mint 50 esztendeje belesz\u00fclettem. A J\u00f3isten akarta, hogy \u00edgy legyen. Az orsz\u00e1got, amelyben gyerek voltam, egy K\u00e1d\u00e1r J\u00e1nos nev\u0171 ember vezette. Apr\u00f3 gyerekk\u00e9nt, majd m\u00e1r n\u00e9mi feln\u0151ttes tudattal \u00e9lve, a mindennapok belpolitik\u00e1j\u00e1b\u00f3l igen keveset \u00e9rz\u00e9keltem. Olyan kis inform\u00e1ci\u00f3-morzs\u00e1kat elkaptam, hogy apai nagysz\u00fcleim kul\u00e1klist\u00e1sok l\u00e9v\u00e9n \u00e1t\u00e9lt\u00e9k a padl\u00e1suk s\u00f6pr\u00e9s\u00e9t, meg, [&hellip;]<\/p>\n","protected":false},"author":1,"featured_media":0,"parent":0,"menu_order":0,"comment_status":"closed","ping_status":"closed","template":"","meta":{"_acf_changed":false,"_et_pb_use_builder":"","_et_pb_old_content":"","_et_gb_content_width":"","footnotes":""},"class_list":["post-3933","page","type-page","status-publish","hentry"],"acf":[],"yoast_head":"<!-- This site is optimized with the Yoast SEO plugin v23.8 - https:\/\/yoast.com\/wordpress\/plugins\/seo\/ -->\n<title>Van egy orsz\u00e1g - dr. Lengyel R\u00f3bert<\/title>\n<meta name=\"robots\" content=\"index, follow, max-snippet:-1, max-image-preview:large, max-video-preview:-1\" \/>\n<link rel=\"canonical\" href=\"https:\/\/www.lengyelrobert.hu\/index.php\/van-egy-orszag\/\" \/>\n<meta property=\"og:locale\" content=\"hu_HU\" \/>\n<meta property=\"og:type\" content=\"article\" \/>\n<meta property=\"og:title\" content=\"Van egy orsz\u00e1g - dr. Lengyel R\u00f3bert\" \/>\n<meta property=\"og:description\" content=\"Van egy orsz\u00e1g, amelybe imm\u00e1r t\u00f6bb mint 50 esztendeje belesz\u00fclettem. A J\u00f3isten akarta, hogy \u00edgy legyen. Az orsz\u00e1got, amelyben gyerek voltam, egy K\u00e1d\u00e1r J\u00e1nos nev\u0171 ember vezette. Apr\u00f3 gyerekk\u00e9nt, majd m\u00e1r n\u00e9mi feln\u0151ttes tudattal \u00e9lve, a mindennapok belpolitik\u00e1j\u00e1b\u00f3l igen keveset \u00e9rz\u00e9keltem. Olyan kis inform\u00e1ci\u00f3-morzs\u00e1kat elkaptam, hogy apai nagysz\u00fcleim kul\u00e1klist\u00e1sok l\u00e9v\u00e9n \u00e1t\u00e9lt\u00e9k a padl\u00e1suk s\u00f6pr\u00e9s\u00e9t, meg, [&hellip;]\" \/>\n<meta property=\"og:url\" content=\"https:\/\/www.lengyelrobert.hu\/index.php\/van-egy-orszag\/\" \/>\n<meta property=\"og:site_name\" content=\"dr. Lengyel R\u00f3bert\" \/>\n<meta name=\"twitter:card\" content=\"summary_large_image\" \/>\n<meta name=\"twitter:label1\" content=\"Becs\u00fclt olvas\u00e1si id\u0151\" \/>\n\t<meta name=\"twitter:data1\" content=\"4 perc\" \/>\n<script type=\"application\/ld+json\" class=\"yoast-schema-graph\">{\"@context\":\"https:\/\/schema.org\",\"@graph\":[{\"@type\":\"WebPage\",\"@id\":\"https:\/\/www.lengyelrobert.hu\/index.php\/van-egy-orszag\/\",\"url\":\"https:\/\/www.lengyelrobert.hu\/index.php\/van-egy-orszag\/\",\"name\":\"Van egy orsz\u00e1g - dr. Lengyel R\u00f3bert\",\"isPartOf\":{\"@id\":\"https:\/\/www.lengyelrobert.hu\/#website\"},\"datePublished\":\"2019-03-26T05:40:52+00:00\",\"dateModified\":\"2019-03-26T05:40:52+00:00\",\"breadcrumb\":{\"@id\":\"https:\/\/www.lengyelrobert.hu\/index.php\/van-egy-orszag\/#breadcrumb\"},\"inLanguage\":\"hu\",\"potentialAction\":[{\"@type\":\"ReadAction\",\"target\":[\"https:\/\/www.lengyelrobert.hu\/index.php\/van-egy-orszag\/\"]}]},{\"@type\":\"BreadcrumbList\",\"@id\":\"https:\/\/www.lengyelrobert.hu\/index.php\/van-egy-orszag\/#breadcrumb\",\"itemListElement\":[{\"@type\":\"ListItem\",\"position\":1,\"name\":\"Home\",\"item\":\"https:\/\/www.lengyelrobert.hu\/\"},{\"@type\":\"ListItem\",\"position\":2,\"name\":\"Van egy orsz\u00e1g\"}]},{\"@type\":\"WebSite\",\"@id\":\"https:\/\/www.lengyelrobert.hu\/#website\",\"url\":\"https:\/\/www.lengyelrobert.hu\/\",\"name\":\"dr. Lengyel R\u00f3bert\",\"description\":\"A Becs\u00fclettel Si\u00f3fok\u00e9rt Egyes\u00fclet honlapja\",\"potentialAction\":[{\"@type\":\"SearchAction\",\"target\":{\"@type\":\"EntryPoint\",\"urlTemplate\":\"https:\/\/www.lengyelrobert.hu\/?s={search_term_string}\"},\"query-input\":{\"@type\":\"PropertyValueSpecification\",\"valueRequired\":true,\"valueName\":\"search_term_string\"}}],\"inLanguage\":\"hu\"}]}<\/script>\n<!-- \/ Yoast SEO plugin. -->","yoast_head_json":{"title":"Van egy orsz\u00e1g - dr. Lengyel R\u00f3bert","robots":{"index":"index","follow":"follow","max-snippet":"max-snippet:-1","max-image-preview":"max-image-preview:large","max-video-preview":"max-video-preview:-1"},"canonical":"https:\/\/www.lengyelrobert.hu\/index.php\/van-egy-orszag\/","og_locale":"hu_HU","og_type":"article","og_title":"Van egy orsz\u00e1g - dr. Lengyel R\u00f3bert","og_description":"Van egy orsz\u00e1g, amelybe imm\u00e1r t\u00f6bb mint 50 esztendeje belesz\u00fclettem. A J\u00f3isten akarta, hogy \u00edgy legyen. Az orsz\u00e1got, amelyben gyerek voltam, egy K\u00e1d\u00e1r J\u00e1nos nev\u0171 ember vezette. Apr\u00f3 gyerekk\u00e9nt, majd m\u00e1r n\u00e9mi feln\u0151ttes tudattal \u00e9lve, a mindennapok belpolitik\u00e1j\u00e1b\u00f3l igen keveset \u00e9rz\u00e9keltem. Olyan kis inform\u00e1ci\u00f3-morzs\u00e1kat elkaptam, hogy apai nagysz\u00fcleim kul\u00e1klist\u00e1sok l\u00e9v\u00e9n \u00e1t\u00e9lt\u00e9k a padl\u00e1suk s\u00f6pr\u00e9s\u00e9t, meg, [&hellip;]","og_url":"https:\/\/www.lengyelrobert.hu\/index.php\/van-egy-orszag\/","og_site_name":"dr. Lengyel R\u00f3bert","twitter_card":"summary_large_image","twitter_misc":{"Becs\u00fclt olvas\u00e1si id\u0151":"4 perc"},"schema":{"@context":"https:\/\/schema.org","@graph":[{"@type":"WebPage","@id":"https:\/\/www.lengyelrobert.hu\/index.php\/van-egy-orszag\/","url":"https:\/\/www.lengyelrobert.hu\/index.php\/van-egy-orszag\/","name":"Van egy orsz\u00e1g - dr. Lengyel R\u00f3bert","isPartOf":{"@id":"https:\/\/www.lengyelrobert.hu\/#website"},"datePublished":"2019-03-26T05:40:52+00:00","dateModified":"2019-03-26T05:40:52+00:00","breadcrumb":{"@id":"https:\/\/www.lengyelrobert.hu\/index.php\/van-egy-orszag\/#breadcrumb"},"inLanguage":"hu","potentialAction":[{"@type":"ReadAction","target":["https:\/\/www.lengyelrobert.hu\/index.php\/van-egy-orszag\/"]}]},{"@type":"BreadcrumbList","@id":"https:\/\/www.lengyelrobert.hu\/index.php\/van-egy-orszag\/#breadcrumb","itemListElement":[{"@type":"ListItem","position":1,"name":"Home","item":"https:\/\/www.lengyelrobert.hu\/"},{"@type":"ListItem","position":2,"name":"Van egy orsz\u00e1g"}]},{"@type":"WebSite","@id":"https:\/\/www.lengyelrobert.hu\/#website","url":"https:\/\/www.lengyelrobert.hu\/","name":"dr. Lengyel R\u00f3bert","description":"A Becs\u00fclettel Si\u00f3fok\u00e9rt Egyes\u00fclet honlapja","potentialAction":[{"@type":"SearchAction","target":{"@type":"EntryPoint","urlTemplate":"https:\/\/www.lengyelrobert.hu\/?s={search_term_string}"},"query-input":{"@type":"PropertyValueSpecification","valueRequired":true,"valueName":"search_term_string"}}],"inLanguage":"hu"}]}},"_links":{"self":[{"href":"https:\/\/www.lengyelrobert.hu\/index.php\/wp-json\/wp\/v2\/pages\/3933","targetHints":{"allow":["GET"]}}],"collection":[{"href":"https:\/\/www.lengyelrobert.hu\/index.php\/wp-json\/wp\/v2\/pages"}],"about":[{"href":"https:\/\/www.lengyelrobert.hu\/index.php\/wp-json\/wp\/v2\/types\/page"}],"author":[{"embeddable":true,"href":"https:\/\/www.lengyelrobert.hu\/index.php\/wp-json\/wp\/v2\/users\/1"}],"replies":[{"embeddable":true,"href":"https:\/\/www.lengyelrobert.hu\/index.php\/wp-json\/wp\/v2\/comments?post=3933"}],"version-history":[{"count":0,"href":"https:\/\/www.lengyelrobert.hu\/index.php\/wp-json\/wp\/v2\/pages\/3933\/revisions"}],"wp:attachment":[{"href":"https:\/\/www.lengyelrobert.hu\/index.php\/wp-json\/wp\/v2\/media?parent=3933"}],"curies":[{"name":"wp","href":"https:\/\/api.w.org\/{rel}","templated":true}]}}